{"id":44378,"date":"2024-03-20T11:38:02","date_gmt":"2024-03-20T10:38:02","guid":{"rendered":"https:\/\/www.sssh.ch\/?post_type=forum&#038;p=44378"},"modified":"2024-04-15T09:33:13","modified_gmt":"2024-04-15T07:33:13","slug":"agenda-40","status":"publish","type":"forum","link":"https:\/\/sssh.ch\/de\/forum\/agenda-40\/","title":{"rendered":"Agenda"},"content":{"rendered":"\t\t<div data-elementor-type=\"wp-post\" data-elementor-id=\"44378\" class=\"elementor elementor-44378 elementor-44377\" data-elementor-post-type=\"forum\">\n\t\t\t\t\t\t<section class=\"elementor-section elementor-top-section elementor-element elementor-element-d45eaa3 elementor-section-boxed elementor-section-height-default elementor-section-height-default\" data-id=\"d45eaa3\" data-element_type=\"section\" data-e-type=\"section\">\n\t\t\t\t\t\t<div class=\"elementor-container elementor-column-gap-default\">\n\t\t\t\t\t<div class=\"elementor-column elementor-col-100 elementor-top-column elementor-element elementor-element-951bfd8\" data-id=\"951bfd8\" data-element_type=\"column\" data-e-type=\"column\">\n\t\t\t<div class=\"elementor-widget-wrap elementor-element-populated\">\n\t\t\t\t\t\t<div class=\"elementor-element elementor-element-d7e53ce elementor-widget-divider--view-line elementor-widget elementor-widget-divider\" data-id=\"d7e53ce\" data-element_type=\"widget\" data-e-type=\"widget\" data-widget_type=\"divider.default\">\n\t\t\t\t<div class=\"elementor-widget-container\">\n\t\t\t\t\t\t\t<div class=\"elementor-divider\">\n\t\t\t<span class=\"elementor-divider-separator\">\n\t\t\t\t\t\t<\/span>\n\t\t<\/div>\n\t\t\t\t\t\t<\/div>\n\t\t\t\t<\/div>\n\t\t\t\t\t<\/div>\n\t\t<\/div>\n\t\t\t\t\t<\/div>\n\t\t<\/section>\n\t\t\t\t<section class=\"elementor-section elementor-top-section elementor-element elementor-element-b57ec7d elementor-section-full_width elementor-section-height-default elementor-section-height-default\" data-id=\"b57ec7d\" data-element_type=\"section\" data-e-type=\"section\" data-settings=\"{&quot;background_background&quot;:&quot;classic&quot;}\">\n\t\t\t\t\t\t<div class=\"elementor-container elementor-column-gap-default\">\n\t\t\t\t\t<div class=\"elementor-column elementor-col-50 elementor-top-column elementor-element elementor-element-bc0a0eb\" data-id=\"bc0a0eb\" data-element_type=\"column\" data-e-type=\"column\">\n\t\t\t<div class=\"elementor-widget-wrap elementor-element-populated\">\n\t\t\t\t\t\t<div class=\"elementor-element elementor-element-f1559f9 elementor-widget elementor-widget-text-editor\" data-id=\"f1559f9\" data-element_type=\"widget\" data-e-type=\"widget\" data-widget_type=\"text-editor.default\">\n\t\t\t\t<div class=\"elementor-widget-container\">\n\t\t\t\t\t\t\t\t\t<p><strong>Seminarort<br \/><\/strong>H+ Formation<br \/>Rain 36<br \/>5000 Aarau<br \/>Tel. : 062 926 90 00<br \/><a href=\"http:\/\/www.hplus-bildung.ch\">www.hplus-bildung.ch<\/a><\/p>\t\t\t\t\t\t\t\t<\/div>\n\t\t\t\t<\/div>\n\t\t\t\t\t<\/div>\n\t\t<\/div>\n\t\t\t\t<div class=\"elementor-column elementor-col-50 elementor-top-column elementor-element elementor-element-d8f64be\" data-id=\"d8f64be\" data-element_type=\"column\" data-e-type=\"column\">\n\t\t\t<div class=\"elementor-widget-wrap elementor-element-populated\">\n\t\t\t\t\t\t<div class=\"elementor-element elementor-element-1656a1e elementor-widget elementor-widget-text-editor\" data-id=\"1656a1e\" data-element_type=\"widget\" data-e-type=\"widget\" data-widget_type=\"text-editor.default\">\n\t\t\t\t<div class=\"elementor-widget-container\">\n\t\t\t\t\t\t\t\t\t<h4>Veranstaltungen Deutschschweiz<\/h4>\t\t\t\t\t\t\t\t<\/div>\n\t\t\t\t<\/div>\n\t\t\t\t<div class=\"elementor-element elementor-element-0959002 elementor-widget elementor-widget-text-editor\" data-id=\"0959002\" data-element_type=\"widget\" data-e-type=\"widget\" data-widget_type=\"text-editor.default\">\n\t\t\t\t<div class=\"elementor-widget-container\">\n\t\t\t\t\t\t\t\t\t<p><strong>Dozierende in allen Angeboten von H+ Bildung<br \/><\/strong>Fachpersonen mit ausgewiesener Weiterbildung und fundierter Praxis.<\/p><p>Angebot<\/p><ul><li>Techn. SterilisationsassistentIn SGSV \/ H+ \u2013 STE I<\/li><li>Techn. SterilisationsassistentIn mit erweiterten Verantwortung SGSV \/ H+ \u2013 STE II<\/li><li>Wiederaufbereitung von Medizinalprodukten in Kleinbetrieben und \u00e4rztlichen Praxen &#8211; Weiterbildungsfinanzierung vom Bund \u2013 STE MPA<\/li><li>Pr\u00fcfungsvorbereitungskurs f\u00fcr QV MPT, Art. 32 BBV \u2013 STE Quali<\/li><li>Aufbereitung von Endoskopen \u2013 STE Endo<\/li><\/ul><p>Weiter Informationen wie Daten und Standorte sind auf der Website der Fachschule zu entnehmen<\/p>\t\t\t\t\t\t\t\t<\/div>\n\t\t\t\t<\/div>\n\t\t\t\t\t<\/div>\n\t\t<\/div>\n\t\t\t\t\t<\/div>\n\t\t<\/section>\n\t\t\t\t<section class=\"elementor-section elementor-top-section elementor-element elementor-element-9fee689 elementor-section-boxed elementor-section-height-default elementor-section-height-default\" data-id=\"9fee689\" data-element_type=\"section\" data-e-type=\"section\">\n\t\t\t\t\t\t<div class=\"elementor-container elementor-column-gap-default\">\n\t\t\t\t\t<div class=\"elementor-column elementor-col-100 elementor-top-column elementor-element elementor-element-b4df996\" data-id=\"b4df996\" data-element_type=\"column\" data-e-type=\"column\">\n\t\t\t<div class=\"elementor-widget-wrap elementor-element-populated\">\n\t\t\t\t\t\t<div class=\"elementor-element elementor-element-6293fd3 elementor-widget-divider--view-line elementor-widget elementor-widget-divider\" data-id=\"6293fd3\" data-element_type=\"widget\" data-e-type=\"widget\" data-widget_type=\"divider.default\">\n\t\t\t\t<div class=\"elementor-widget-container\">\n\t\t\t\t\t\t\t<div class=\"elementor-divider\">\n\t\t\t<span class=\"elementor-divider-separator\">\n\t\t\t\t\t\t<\/span>\n\t\t<\/div>\n\t\t\t\t\t\t<\/div>\n\t\t\t\t<\/div>\n\t\t\t\t\t<\/div>\n\t\t<\/div>\n\t\t\t\t\t<\/div>\n\t\t<\/section>\n\t\t\t\t<section class=\"elementor-section elementor-top-section elementor-element elementor-element-edf9c81 elementor-section-full_width elementor-section-height-default elementor-section-height-default\" data-id=\"edf9c81\" data-element_type=\"section\" data-e-type=\"section\">\n\t\t\t\t\t\t<div class=\"elementor-container elementor-column-gap-default\">\n\t\t\t\t\t<div class=\"elementor-column elementor-col-50 elementor-top-column elementor-element elementor-element-15c5f74\" data-id=\"15c5f74\" data-element_type=\"column\" data-e-type=\"column\">\n\t\t\t<div class=\"elementor-widget-wrap elementor-element-populated\">\n\t\t\t\t\t\t<div class=\"elementor-element elementor-element-29fd36a elementor-widget elementor-widget-text-editor\" data-id=\"29fd36a\" data-element_type=\"widget\" data-e-type=\"widget\" data-widget_type=\"text-editor.default\">\n\t\t\t\t<div class=\"elementor-widget-container\">\n\t\t\t\t\t\t\t\t\t<p><strong>Ausbildungszentrum<br \/><\/strong>Espace Comp\u00e9tences SA<br \/>Route de Grandvaux 14<br \/>CH \u2013 1096 Cully<br \/>Tel. : 021 799 92 60<br \/>Fax\u00a0: 021 799 92 65<br \/><a href=\"http:\/\/www.espace-competences.ch\">www.espace-competences.ch<\/a><\/p>\t\t\t\t\t\t\t\t<\/div>\n\t\t\t\t<\/div>\n\t\t\t\t\t<\/div>\n\t\t<\/div>\n\t\t\t\t<div class=\"elementor-column elementor-col-50 elementor-top-column elementor-element elementor-element-f4278ad\" data-id=\"f4278ad\" data-element_type=\"column\" data-e-type=\"column\">\n\t\t\t<div class=\"elementor-widget-wrap elementor-element-populated\">\n\t\t\t\t\t\t<div class=\"elementor-element elementor-element-5bb595f elementor-widget elementor-widget-text-editor\" data-id=\"5bb595f\" data-element_type=\"widget\" data-e-type=\"widget\" data-widget_type=\"text-editor.default\">\n\t\t\t\t<div class=\"elementor-widget-container\">\n\t\t\t\t\t\t\t\t\t<h4><strong>Veranstaltungen Westschweiz\u00a0 \u00a0<\/strong><\/h4>\t\t\t\t\t\t\t\t<\/div>\n\t\t\t\t<\/div>\n\t\t\t\t<div class=\"elementor-element elementor-element-bd22aff elementor-widget elementor-widget-text-editor\" data-id=\"bd22aff\" data-element_type=\"widget\" data-e-type=\"widget\" data-widget_type=\"text-editor.default\">\n\t\t\t\t<div class=\"elementor-widget-container\">\n\t\t\t\t\t\t\t\t\t<ul><li>Assistant technique en st\u00e9rilisation 1 (Niveau 1)<\/li><li>Assistant technique en st\u00e9rilisation 2 (Niveau 2)<\/li><li>Formation pr\u00e9paratoire \u00e0 la proc\u00e9dure de qualification du CFC de Technologue en dispositifs m\u00e9dicaux (TDM) selon l\u2019article 32 &#8211; STE32CFC<\/li><li>Retraitement des dispositifs m\u00e9dicaux st\u00e9riles pour petites structures \u2013 E-learning \u2013 RDMSPSCIEL<\/li><li>Retraitement des endoscopes et pr\u00e9vention des infections associ\u00e9es aux soins \u2013 REPIAS<\/li><li>Sp\u00e9cialiste en st\u00e9rilisation (Niveau 3) &#8211; STE3<\/li><li>Validation dans le domaine de la st\u00e9rilisation &#8211; VDS<\/li><\/ul><p>Weiter Informationen wie Daten und Standorte sind auf der Website der Fachschule zu entnehmen<\/p>\t\t\t\t\t\t\t\t<\/div>\n\t\t\t\t<\/div>\n\t\t\t\t\t<\/div>\n\t\t<\/div>\n\t\t\t\t\t<\/div>\n\t\t<\/section>\n\t\t\t\t<section class=\"elementor-section elementor-top-section elementor-element elementor-element-e232da6 elementor-section-boxed elementor-section-height-default elementor-section-height-default\" data-id=\"e232da6\" data-element_type=\"section\" data-e-type=\"section\">\n\t\t\t\t\t\t<div class=\"elementor-container elementor-column-gap-default\">\n\t\t\t\t\t<div class=\"elementor-column elementor-col-100 elementor-top-column elementor-element elementor-element-e7af013\" data-id=\"e7af013\" data-element_type=\"column\" data-e-type=\"column\">\n\t\t\t<div class=\"elementor-widget-wrap elementor-element-populated\">\n\t\t\t\t\t\t<div class=\"elementor-element elementor-element-fe7a7f0 elementor-widget-divider--view-line elementor-widget elementor-widget-divider\" data-id=\"fe7a7f0\" data-element_type=\"widget\" data-e-type=\"widget\" data-widget_type=\"divider.default\">\n\t\t\t\t<div class=\"elementor-widget-container\">\n\t\t\t\t\t\t\t<div class=\"elementor-divider\">\n\t\t\t<span class=\"elementor-divider-separator\">\n\t\t\t\t\t\t<\/span>\n\t\t<\/div>\n\t\t\t\t\t\t<\/div>\n\t\t\t\t<\/div>\n\t\t\t\t\t<\/div>\n\t\t<\/div>\n\t\t\t\t\t<\/div>\n\t\t<\/section>\n\t\t\t\t<section class=\"elementor-section elementor-top-section elementor-element elementor-element-5f35539 elementor-section-boxed elementor-section-height-default elementor-section-height-default\" data-id=\"5f35539\" data-element_type=\"section\" data-e-type=\"section\">\n\t\t\t\t\t\t<div class=\"elementor-container elementor-column-gap-default\">\n\t\t\t\t\t<div class=\"elementor-column elementor-col-50 elementor-top-column elementor-element elementor-element-5bbecd4\" data-id=\"5bbecd4\" data-element_type=\"column\" data-e-type=\"column\">\n\t\t\t<div class=\"elementor-widget-wrap elementor-element-populated\">\n\t\t\t\t\t\t<div class=\"elementor-element elementor-element-3865a03 elementor-widget elementor-widget-text-editor\" data-id=\"3865a03\" data-element_type=\"widget\" data-e-type=\"widget\" data-widget_type=\"text-editor.default\">\n\t\t\t\t<div class=\"elementor-widget-container\">\n\t\t\t\t\t\t\t\t\t<p><strong>Centro professionale sociosanitario \u2013 medico-tecnico<br \/><\/strong>C\/O Josefa Bizzarro<br \/>via Ronchetto 14<br \/>6900 Lugano<br \/><a href=\"https:\/\/www.cpslugano.ch\/ats\/\" target=\"_blank\" rel=\"noopener\">www.cpslugano.ch\/ats\/<\/a><\/p>\t\t\t\t\t\t\t\t<\/div>\n\t\t\t\t<\/div>\n\t\t\t\t\t<\/div>\n\t\t<\/div>\n\t\t\t\t<div class=\"elementor-column elementor-col-50 elementor-top-column elementor-element elementor-element-4747423\" data-id=\"4747423\" data-element_type=\"column\" data-e-type=\"column\">\n\t\t\t<div class=\"elementor-widget-wrap elementor-element-populated\">\n\t\t\t\t\t\t<div class=\"elementor-element elementor-element-eac7ca5 elementor-widget elementor-widget-text-editor\" data-id=\"eac7ca5\" data-element_type=\"widget\" data-e-type=\"widget\" data-widget_type=\"text-editor.default\">\n\t\t\t\t<div class=\"elementor-widget-container\">\n\t\t\t\t\t\t\t\t\t<h4><strong>Veranstaltungen im Tessin<\/strong><\/h4>\t\t\t\t\t\t\t\t<\/div>\n\t\t\t\t<\/div>\n\t\t\t\t<div class=\"elementor-element elementor-element-c7efc9a elementor-widget elementor-widget-text-editor\" data-id=\"c7efc9a\" data-element_type=\"widget\" data-e-type=\"widget\" data-widget_type=\"text-editor.default\">\n\t\t\t\t<div class=\"elementor-widget-container\">\n\t\t\t\t\t\t\t\t\t<ul><li>Aufbereitung von Medizinprodukten in Kleinstrukturen<\/li><li>Aufbereitung von Medizinprodukten in Arztpraxen<\/li><li>Fachkundekurs STE-I<\/li><li>Fachkundekurs STE-II<\/li><li>Fachkundekurs Aufbereitung flexible Endoskope<\/li><li>Refresherkurs f\u00fcr Fachpersonen in Wiederaufbereitung MP (voraussichtlich Oktober 2023)<\/li><li>Refresherkurs f\u00fcr Kleinstrukturen (voraussichtlich November 2023)<\/li><\/ul><p>Weiter Informationen wie Daten und Standorte sind auf der Website der Fachschule zu entnehmen<\/p>\t\t\t\t\t\t\t\t<\/div>\n\t\t\t\t<\/div>\n\t\t\t\t\t<\/div>\n\t\t<\/div>\n\t\t\t\t\t<\/div>\n\t\t<\/section>\n\t\t\t\t<section class=\"elementor-section elementor-top-section elementor-element elementor-element-a7f7825 elementor-section-boxed elementor-section-height-default elementor-section-height-default\" data-id=\"a7f7825\" data-element_type=\"section\" data-e-type=\"section\">\n\t\t\t\t\t\t<div class=\"elementor-container elementor-column-gap-default\">\n\t\t\t\t\t<div class=\"elementor-column elementor-col-100 elementor-top-column elementor-element elementor-element-4ff94e7\" data-id=\"4ff94e7\" data-element_type=\"column\" data-e-type=\"column\">\n\t\t\t<div class=\"elementor-widget-wrap elementor-element-populated\">\n\t\t\t\t\t\t<div class=\"elementor-element elementor-element-5a8ccc0 elementor-widget-divider--view-line elementor-widget elementor-widget-divider\" data-id=\"5a8ccc0\" data-element_type=\"widget\" data-e-type=\"widget\" data-widget_type=\"divider.default\">\n\t\t\t\t<div class=\"elementor-widget-container\">\n\t\t\t\t\t\t\t<div class=\"elementor-divider\">\n\t\t\t<span class=\"elementor-divider-separator\">\n\t\t\t\t\t\t<\/span>\n\t\t<\/div>\n\t\t\t\t\t\t<\/div>\n\t\t\t\t<\/div>\n\t\t\t\t\t<\/div>\n\t\t<\/div>\n\t\t\t\t\t<\/div>\n\t\t<\/section>\n\t\t\t\t<section class=\"elementor-section elementor-top-section elementor-element elementor-element-de563ce elementor-section-boxed elementor-section-height-default elementor-section-height-default\" data-id=\"de563ce\" data-element_type=\"section\" data-e-type=\"section\" data-settings=\"{&quot;background_background&quot;:&quot;classic&quot;}\">\n\t\t\t\t\t\t<div class=\"elementor-container elementor-column-gap-default\">\n\t\t\t\t\t<div class=\"elementor-column elementor-col-50 elementor-top-column elementor-element elementor-element-4eef8d5\" data-id=\"4eef8d5\" data-element_type=\"column\" data-e-type=\"column\" data-settings=\"{&quot;background_background&quot;:&quot;classic&quot;}\">\n\t\t\t<div class=\"elementor-widget-wrap elementor-element-populated\">\n\t\t\t\t\t\t<div class=\"elementor-element elementor-element-db34bf4 elementor-widget elementor-widget-text-editor\" data-id=\"db34bf4\" data-element_type=\"widget\" data-e-type=\"widget\" data-widget_type=\"text-editor.default\">\n\t\t\t\t<div class=\"elementor-widget-container\">\n\t\t\t\t\t\t\t\t\t<p><strong>Fachschule f\u00fcr Hygienetechnik<br \/><\/strong>Frankfurter Str. 8, 55545 Bad Kreuznach<br \/>Tel. 06727-93440, Fax 06727-934444<br \/><a href=\"http:\/\/www.fht-dsm.com\" target=\"_blank\" rel=\"noopener\">www.fht-dsm.com<\/a><br \/><a href=\"mailto:fhtdsm@t-online.de\">fhtdsm@t-online.de<\/a><\/p>\t\t\t\t\t\t\t\t<\/div>\n\t\t\t\t<\/div>\n\t\t\t\t\t<\/div>\n\t\t<\/div>\n\t\t\t\t<div class=\"elementor-column elementor-col-50 elementor-top-column elementor-element elementor-element-1b796d2\" data-id=\"1b796d2\" data-element_type=\"column\" data-e-type=\"column\">\n\t\t\t<div class=\"elementor-widget-wrap elementor-element-populated\">\n\t\t\t\t\t\t<div class=\"elementor-element elementor-element-c73b32c elementor-widget elementor-widget-text-editor\" data-id=\"c73b32c\" data-element_type=\"widget\" data-e-type=\"widget\" data-widget_type=\"text-editor.default\">\n\t\t\t\t<div class=\"elementor-widget-container\">\n\t\t\t\t\t\t\t\t\t<h4><strong>Veranstaltungen Deutschland<\/strong><\/h4>\t\t\t\t\t\t\t\t<\/div>\n\t\t\t\t<\/div>\n\t\t\t\t<div class=\"elementor-element elementor-element-47d1446 elementor-widget elementor-widget-text-editor\" data-id=\"47d1446\" data-element_type=\"widget\" data-e-type=\"widget\" data-widget_type=\"text-editor.default\">\n\t\t\t\t<div class=\"elementor-widget-container\">\n\t\t\t\t\t\t\t\t\t<p><strong>Lehrg\u00e4nge f\u00fcr Sterilisationspersonal<\/strong><br \/><strong>Alle Lehrg\u00e4nge DGSV-akkreditiert<\/strong><\/p><ul><li>Fachkunde I-Lehrg\u00e4nge<\/li><li>Fachkunde II-Lehrg\u00e4nge<\/li><li>Fachkunde III-Lehrg\u00e4nge<\/li><li>Refresherkurs f\u00fcr Fachkunde I- und II-Absolventen<\/li><li>Sachkundelehrgang Instrumentenaufbereitung in der Endoskopiepraxis<\/li><li>Sachkenntnislehrg\u00e4nge gem. \u00a74 (3) MP BetreibV<\/li><li>Instrumentenaufbereitung f\u00fcr Podologen und med. Fu\u00dfpflegepersonal<\/li><li>Instrumentenaufbereitung in Tattoo- und Piercingstudios<\/li><li>Sachkenntnislehrg\u00e4nge gem. \u00a74 MP BetreibV<\/li><li>Sachkundelehrg\u00e4nge und Fortbildungslehrg\u00e4nge Gassterilisation<\/li><li>\u00dcberwachung der Aufbereitung von Medizinprodukten in Krankenhaus und Arztpraxis<\/li><\/ul>\t\t\t\t\t\t\t\t<\/div>\n\t\t\t\t<\/div>\n\t\t\t\t\t<\/div>\n\t\t<\/div>\n\t\t\t\t\t<\/div>\n\t\t<\/section>\n\t\t\t\t<section class=\"elementor-section elementor-top-section elementor-element elementor-element-c323e79 elementor-section-boxed elementor-section-height-default elementor-section-height-default\" data-id=\"c323e79\" data-element_type=\"section\" data-e-type=\"section\" data-settings=\"{&quot;background_background&quot;:&quot;classic&quot;}\">\n\t\t\t\t\t\t<div class=\"elementor-container elementor-column-gap-default\">\n\t\t\t\t\t<div class=\"elementor-column elementor-col-50 elementor-top-column elementor-element elementor-element-88a7f3b\" data-id=\"88a7f3b\" data-element_type=\"column\" data-e-type=\"column\" data-settings=\"{&quot;background_background&quot;:&quot;classic&quot;}\">\n\t\t\t<div class=\"elementor-widget-wrap elementor-element-populated\">\n\t\t\t\t\t\t<div class=\"elementor-element elementor-element-f3451d2 elementor-widget elementor-widget-text-editor\" data-id=\"f3451d2\" data-element_type=\"widget\" data-e-type=\"widget\" data-widget_type=\"text-editor.default\">\n\t\t\t\t<div class=\"elementor-widget-container\">\n\t\t\t\t\t\t\t\t\t<p><strong>OPAL Akademie \u2013 HYMEDIC GbR<br \/><\/strong>Schulungsunternehmen im Bereich der Hygiene und Medizinprodukteaufbereitung<br \/>Kurt-Schumacher-Stra\u00dfe 23<br \/>30159 Hannover\u00a0\u00a0\u00a0\u00a0\u00a0\u00a0\u00a0\u00a0\u00a0\u00a0\u00a0\u00a0\u00a0\u00a0\u00a0\u00a0\u00a0\u00a0\u00a0\u00a0\u00a0\u00a0\u00a0\u00a0\u00a0\u00a0\u00a0\u00a0\u00a0<br \/>Tel. 0511 \/ 22001815, Fax 0511 \/ 320473 \u00a0\u00a0<br \/>Mail:\u00a0<a href=\"mailto:info@hymedic.de\">info@hymedic.de<\/a><br \/><a href=\"https:\/\/smex-ctp.trendmicro.com:443\/wis\/clicktime\/v1\/query?url=http%3a%2f%2fwww.opal%2dakademie.de&amp;umid=1c4a19c0-7a70-430e-889a-ff15a29e0c30&amp;auth=2b8e70431964caccb9ef273212c217ef520f53ca-342a4ba9263278cca39b149cb27ff67465251186\" target=\"_blank\" rel=\"noopener\">www.opal-akademie.de<\/a><\/p>\t\t\t\t\t\t\t\t<\/div>\n\t\t\t\t<\/div>\n\t\t\t\t\t<\/div>\n\t\t<\/div>\n\t\t\t\t<div class=\"elementor-column elementor-col-50 elementor-top-column elementor-element elementor-element-c2725b9\" data-id=\"c2725b9\" data-element_type=\"column\" data-e-type=\"column\">\n\t\t\t<div class=\"elementor-widget-wrap elementor-element-populated\">\n\t\t\t\t\t\t<div class=\"elementor-element elementor-element-44e8f4d elementor-widget elementor-widget-text-editor\" data-id=\"44e8f4d\" data-element_type=\"widget\" data-e-type=\"widget\" data-widget_type=\"text-editor.default\">\n\t\t\t\t<div class=\"elementor-widget-container\">\n\t\t\t\t\t\t\t\t\t<h5><strong>Veranstaltungstermine OPAL-Akademie Norderstedt \/ Frankfurt <\/strong><\/h5>\t\t\t\t\t\t\t\t<\/div>\n\t\t\t\t<\/div>\n\t\t\t\t<div class=\"elementor-element elementor-element-32ed2e9 elementor-widget elementor-widget-text-editor\" data-id=\"32ed2e9\" data-element_type=\"widget\" data-e-type=\"widget\" data-widget_type=\"text-editor.default\">\n\t\t\t\t<div class=\"elementor-widget-container\">\n\t\t\t\t\t\t\t\t\t<ul><li>Fachkunde 1<\/li><li>Fachkunde 2<\/li><li>Sachkunde Endoskopie (5t\u00e4gig)<\/li><li>Sachkunde (zahn)\u00e4rztliche Praxis<\/li><li>Refresher DGSV<\/li><li>Hygienebeauftragte in der Pflege<\/li><li>Hygienebeauftragter Arzt<\/li><\/ul><p>Weiter Informationen wie Daten und Standorte sind auf der Website der Fachschule zu entnehmen<\/p>\t\t\t\t\t\t\t\t<\/div>\n\t\t\t\t<\/div>\n\t\t\t\t\t<\/div>\n\t\t<\/div>\n\t\t\t\t\t<\/div>\n\t\t<\/section>\n\t\t\t\t<section class=\"elementor-section elementor-top-section elementor-element elementor-element-57fdd8e elementor-section-boxed elementor-section-height-default elementor-section-height-default\" data-id=\"57fdd8e\" data-element_type=\"section\" data-e-type=\"section\">\n\t\t\t\t\t\t<div class=\"elementor-container elementor-column-gap-default\">\n\t\t\t\t\t<div class=\"elementor-column elementor-col-100 elementor-top-column elementor-element elementor-element-adb8822\" data-id=\"adb8822\" data-element_type=\"column\" data-e-type=\"column\">\n\t\t\t<div class=\"elementor-widget-wrap elementor-element-populated\">\n\t\t\t\t\t\t<div class=\"elementor-element elementor-element-c513df7 elementor-widget-divider--view-line elementor-widget elementor-widget-divider\" data-id=\"c513df7\" data-element_type=\"widget\" data-e-type=\"widget\" data-widget_type=\"divider.default\">\n\t\t\t\t<div class=\"elementor-widget-container\">\n\t\t\t\t\t\t\t<div class=\"elementor-divider\">\n\t\t\t<span class=\"elementor-divider-separator\">\n\t\t\t\t\t\t<\/span>\n\t\t<\/div>\n\t\t\t\t\t\t<\/div>\n\t\t\t\t<\/div>\n\t\t\t\t<div class=\"elementor-element elementor-element-c52127e elementor-widget elementor-widget-heading\" data-id=\"c52127e\" data-element_type=\"widget\" data-e-type=\"widget\" data-widget_type=\"heading.default\">\n\t\t\t\t<div class=\"elementor-widget-container\">\n\t\t\t\t\t<h2 class=\"elementor-heading-title elementor-size-default\">Vorschau\u200b<\/h2>\t\t\t\t<\/div>\n\t\t\t\t<\/div>\n\t\t\t\t\t<\/div>\n\t\t<\/div>\n\t\t\t\t\t<\/div>\n\t\t<\/section>\n\t\t\t\t<section class=\"elementor-section elementor-top-section elementor-element elementor-element-b31ff62 elementor-section-boxed elementor-section-height-default elementor-section-height-default\" data-id=\"b31ff62\" data-element_type=\"section\" data-e-type=\"section\">\n\t\t\t\t\t\t<div class=\"elementor-container elementor-column-gap-default\">\n\t\t\t\t\t<div class=\"elementor-column elementor-col-25 elementor-top-column elementor-element elementor-element-4454b04\" data-id=\"4454b04\" data-element_type=\"column\" data-e-type=\"column\" data-settings=\"{&quot;background_background&quot;:&quot;classic&quot;}\">\n\t\t\t<div class=\"elementor-widget-wrap elementor-element-populated\">\n\t\t\t\t\t\t<div class=\"elementor-element elementor-element-78e1bc3 elementor-widget elementor-widget-text-editor\" data-id=\"78e1bc3\" data-element_type=\"widget\" data-e-type=\"widget\" data-widget_type=\"text-editor.default\">\n\t\t\t\t<div class=\"elementor-widget-container\">\n\t\t\t\t\t\t\t\t\t<h5><strong>Deutschschweiz (deutsch)<\/strong><\/h5>\t\t\t\t\t\t\t\t<\/div>\n\t\t\t\t<\/div>\n\t\t\t\t<div class=\"elementor-element elementor-element-20a5eb4 elementor-widget-divider--view-line elementor-widget elementor-widget-divider\" data-id=\"20a5eb4\" data-element_type=\"widget\" data-e-type=\"widget\" data-widget_type=\"divider.default\">\n\t\t\t\t<div class=\"elementor-widget-container\">\n\t\t\t\t\t\t\t<div class=\"elementor-divider\">\n\t\t\t<span class=\"elementor-divider-separator\">\n\t\t\t\t\t\t<\/span>\n\t\t<\/div>\n\t\t\t\t\t\t<\/div>\n\t\t\t\t<\/div>\n\t\t\t\t<div class=\"elementor-element elementor-element-4e508b3 elementor-widget elementor-widget-text-editor\" data-id=\"4e508b3\" data-element_type=\"widget\" data-e-type=\"widget\" data-widget_type=\"text-editor.default\">\n\t\t\t\t<div class=\"elementor-widget-container\">\n\t\t\t\t\t\t\t\t\t<p><strong>25. Mai 2024<\/strong><br \/>JV+ WB, von AEMP bis zu Kunden.<br \/>Kantonsspital Olten<\/p><p><strong>4 &amp; 5 , 11 &amp; 12 Juni 2024<\/strong><br \/>Qualifikationsverfahren MPT EFZ.<br \/>Schulen.<br \/>Z\u00fcrich, Lausanne, Lugano<\/p>\t\t\t\t\t\t\t\t<\/div>\n\t\t\t\t<\/div>\n\t\t\t\t\t<\/div>\n\t\t<\/div>\n\t\t\t\t<div class=\"elementor-column elementor-col-25 elementor-top-column elementor-element elementor-element-efdfed2\" data-id=\"efdfed2\" data-element_type=\"column\" data-e-type=\"column\" data-settings=\"{&quot;background_background&quot;:&quot;classic&quot;}\">\n\t\t\t<div class=\"elementor-widget-wrap elementor-element-populated\">\n\t\t\t\t\t\t<div class=\"elementor-element elementor-element-0745faa elementor-widget elementor-widget-text-editor\" data-id=\"0745faa\" data-element_type=\"widget\" data-e-type=\"widget\" data-widget_type=\"text-editor.default\">\n\t\t\t\t<div class=\"elementor-widget-container\">\n\t\t\t\t\t\t\t\t\t<h5><strong>Westschweiz (franz\u00f6sisch) <\/strong><\/h5>\t\t\t\t\t\t\t\t<\/div>\n\t\t\t\t<\/div>\n\t\t\t\t<div class=\"elementor-element elementor-element-32e708f elementor-widget-divider--view-line elementor-widget elementor-widget-divider\" data-id=\"32e708f\" data-element_type=\"widget\" data-e-type=\"widget\" data-widget_type=\"divider.default\">\n\t\t\t\t<div class=\"elementor-widget-container\">\n\t\t\t\t\t\t\t<div class=\"elementor-divider\">\n\t\t\t<span class=\"elementor-divider-separator\">\n\t\t\t\t\t\t<\/span>\n\t\t<\/div>\n\t\t\t\t\t\t<\/div>\n\t\t\t\t<\/div>\n\t\t\t\t<div class=\"elementor-element elementor-element-b2ff362 elementor-widget elementor-widget-text-editor\" data-id=\"b2ff362\" data-element_type=\"widget\" data-e-type=\"widget\" data-widget_type=\"text-editor.default\">\n\t\t\t\t<div class=\"elementor-widget-container\">\n\t\t\t\t\t\t\t\t\t<p><strong>23. M\u00e4rz 2024<br \/><\/strong>Weiterbildungstag. GV: Wahl Mitglieder Vorstand und COMSTE.<br \/>Thema: Reinigung: Auffrischung und Neuheiten.<br \/>CHUV, Lausanne.<\/p><p><strong>9. November 2024<\/strong><br \/>Weiterbildungstag. Thema: Preisverleihung EFZ + anderes gem\u00e4ss Ihren R\u00fcckmeldungen<br \/>Crownw Plaza, Genf<\/p>\t\t\t\t\t\t\t\t<\/div>\n\t\t\t\t<\/div>\n\t\t\t\t\t<\/div>\n\t\t<\/div>\n\t\t\t\t<div class=\"elementor-column elementor-col-25 elementor-top-column elementor-element elementor-element-ed3c6ad\" data-id=\"ed3c6ad\" data-element_type=\"column\" data-e-type=\"column\" data-settings=\"{&quot;background_background&quot;:&quot;classic&quot;}\">\n\t\t\t<div class=\"elementor-widget-wrap elementor-element-populated\">\n\t\t\t\t\t\t<div class=\"elementor-element elementor-element-0d708c0 elementor-widget elementor-widget-text-editor\" data-id=\"0d708c0\" data-element_type=\"widget\" data-e-type=\"widget\" data-widget_type=\"text-editor.default\">\n\t\t\t\t<div class=\"elementor-widget-container\">\n\t\t\t\t\t\t\t\t\t<h5>SGSV\/SSSH\/SSSO (deutsch-franz\u00f6sisch)<\/h5>\t\t\t\t\t\t\t\t<\/div>\n\t\t\t\t<\/div>\n\t\t\t\t<div class=\"elementor-element elementor-element-8d8af70 elementor-widget-divider--view-line elementor-widget elementor-widget-divider\" data-id=\"8d8af70\" data-element_type=\"widget\" data-e-type=\"widget\" data-widget_type=\"divider.default\">\n\t\t\t\t<div class=\"elementor-widget-container\">\n\t\t\t\t\t\t\t<div class=\"elementor-divider\">\n\t\t\t<span class=\"elementor-divider-separator\">\n\t\t\t\t\t\t<\/span>\n\t\t<\/div>\n\t\t\t\t\t\t<\/div>\n\t\t\t\t<\/div>\n\t\t\t\t<div class=\"elementor-element elementor-element-84d4feb elementor-widget elementor-widget-text-editor\" data-id=\"84d4feb\" data-element_type=\"widget\" data-e-type=\"widget\" data-widget_type=\"text-editor.default\">\n\t\t\t\t<div class=\"elementor-widget-container\">\n\t\t\t\t\t\t\t\t\t<p><strong>19. und 20. Juni 2024<\/strong><br \/>20. Nationale Fachtagung \u00fcber die Sterilisation. <br \/>Thema: Klima + Sterilisation. <br \/>Kongresshaus, Biel<\/p>\t\t\t\t\t\t\t\t<\/div>\n\t\t\t\t<\/div>\n\t\t\t\t\t<\/div>\n\t\t<\/div>\n\t\t\t\t<div class=\"elementor-column elementor-col-25 elementor-top-column elementor-element elementor-element-6f24998\" data-id=\"6f24998\" data-element_type=\"column\" data-e-type=\"column\" data-settings=\"{&quot;background_background&quot;:&quot;classic&quot;}\">\n\t\t\t<div class=\"elementor-widget-wrap elementor-element-populated\">\n\t\t\t\t\t\t<div class=\"elementor-element elementor-element-4d15709 elementor-widget elementor-widget-text-editor\" data-id=\"4d15709\" data-element_type=\"widget\" data-e-type=\"widget\" data-widget_type=\"text-editor.default\">\n\t\t\t\t<div class=\"elementor-widget-container\">\n\t\t\t\t\t\t\t\t\t<h5><strong>Ausl\u00e4ndische Kongresse<\/strong><\/h5>\t\t\t\t\t\t\t\t<\/div>\n\t\t\t\t<\/div>\n\t\t\t\t<div class=\"elementor-element elementor-element-b4c6c0e elementor-widget-divider--view-line elementor-widget elementor-widget-divider\" data-id=\"b4c6c0e\" data-element_type=\"widget\" data-e-type=\"widget\" data-widget_type=\"divider.default\">\n\t\t\t\t<div class=\"elementor-widget-container\">\n\t\t\t\t\t\t\t<div class=\"elementor-divider\">\n\t\t\t<span class=\"elementor-divider-separator\">\n\t\t\t\t\t\t<\/span>\n\t\t<\/div>\n\t\t\t\t\t\t<\/div>\n\t\t\t\t<\/div>\n\t\t\t\t<div class=\"elementor-element elementor-element-b47ab66 elementor-widget elementor-widget-text-editor\" data-id=\"b47ab66\" data-element_type=\"widget\" data-e-type=\"widget\" data-widget_type=\"text-editor.default\">\n\t\t\t\t<div class=\"elementor-widget-container\">\n\t\t\t\t\t\t\t\t\t<p><strong>20. April 2024<\/strong><br \/>Jahreskongress ASTER 2024<br \/>Thema: \u00d6kologie und Sterilisation Franz\u00f6sisch.<br \/>Im Zentrum Ecolys de Namur Belgien<\/p><p><strong>23. &#8211; 24. April 2024<\/strong><br \/>13.Fachtagung der \u00d6GSV.<br \/>Parkhotel P\u00f6rtschach am W\u00f6rthersee.<\/p><p><strong>26.-27. April 2024<\/strong><br \/>5es Journ\u00e9es Internationales Francophones de st\u00e9rilisation<br \/>Fran\u00e7ais.<br \/>Geplant Monastir, Tunesien<\/p><p><strong>25. &#8211; 27. September 2024<\/strong><br \/>8. Kongress der SF2S <br \/>Franz\u00f6sisch.<br \/>Nantes, Frankreich<\/p><p><strong>30. September &#8211; 02. Oktober 2024<\/strong><br \/>27. Kongress der Deutschen Gesellschaft f\u00fcr Sterilgutversorgung.<br \/>Deutsch DGSV.<br \/>Congress Park Wolfsburg, Deutschland<\/p><p><strong>20. &#8211; 23. November 2024<\/strong><br \/>25nd World Sterilization Congress.<br \/>WFHSS, Santiago, Chile<\/p>\t\t\t\t\t\t\t\t<\/div>\n\t\t\t\t<\/div>\n\t\t\t\t\t<\/div>\n\t\t<\/div>\n\t\t\t\t\t<\/div>\n\t\t<\/section>\n\t\t\t\t<\/div>\n\t\t","protected":false},"featured_media":0,"template":"","meta":{"_acf_changed":false,"site-sidebar-layout":"no-sidebar","site-content-layout":"page-builder","ast-site-content-layout":"full-width-container","site-content-style":"default","site-sidebar-style":"default","ast-global-header-display":"","ast-banner-title-visibility":"","ast-main-header-display":"","ast-hfb-above-header-display":"","ast-hfb-below-header-display":"","ast-hfb-mobile-header-display":"","site-post-title":"disabled","ast-breadcrumbs-content":"","ast-featured-img":"disabled","footer-sml-layout":"","ast-disable-related-posts":"","theme-transparent-header-meta":"","adv-header-id-meta":"","stick-header-meta":"","header-above-stick-meta":"","header-main-stick-meta":"","header-below-stick-meta":"","astra-migrate-meta-layouts":"set","ast-page-background-enabled":"default","ast-page-background-meta":{"desktop":{"background-color":"","background-image":"","background-repeat":"repeat","background-position":"center center","background-size":"auto","background-attachment":"scroll","background-type":"","background-media":"","overlay-type":"","overlay-color":"","overlay-opacity":"","overlay-gradient":""},"tablet":{"background-color":"","background-image":"","background-repeat":"repeat","background-position":"center center","background-size":"auto","background-attachment":"scroll","background-type":"","background-media":"","overlay-type":"","overlay-color":"","overlay-opacity":"","overlay-gradient":""},"mobile":{"background-color":"","background-image":"","background-repeat":"repeat","background-position":"center center","background-size":"auto","background-attachment":"scroll","background-type":"","background-media":"","overlay-type":"","overlay-color":"","overlay-opacity":"","overlay-gradient":""}},"ast-content-background-meta":{"desktop":{"background-color":"var(--ast-global-color-5)","background-image":"","background-repeat":"repeat","background-position":"center center","background-size":"auto","background-attachment":"scroll","background-type":"","background-media":"","overlay-type":"","overlay-color":"","overlay-opacity":"","overlay-gradient":""},"tablet":{"background-color":"var(--ast-global-color-5)","background-image":"","background-repeat":"repeat","background-position":"center center","background-size":"auto","background-attachment":"scroll","background-type":"","background-media":"","overlay-type":"","overlay-color":"","overlay-opacity":"","overlay-gradient":""},"mobile":{"background-color":"var(--ast-global-color-5)","background-image":"","background-repeat":"repeat","background-position":"center center","background-size":"auto","background-attachment":"scroll","background-type":"","background-media":"","overlay-type":"","overlay-color":"","overlay-opacity":"","overlay-gradient":""}}},"forum_cat":[1309],"parution":[],"page_sommaire":[],"class_list":["post-44378","forum","type-forum","status-publish","hentry","forum_cat-forum-1-2024-de"],"acf":[],"yoast_head":"<!-- This site is optimized with the Yoast SEO plugin v27.4 - https:\/\/yoast.com\/product\/yoast-seo-wordpress\/ -->\n<title>Agenda - sssh<\/title>\n<meta name=\"robots\" content=\"index, follow, max-snippet:-1, max-image-preview:large, max-video-preview:-1\" \/>\n<link rel=\"canonical\" href=\"https:\/\/sssh.ch\/de\/forum\/agenda-40\/\" \/>\n<meta property=\"og:locale\" content=\"de_DE\" \/>\n<meta property=\"og:type\" content=\"article\" \/>\n<meta property=\"og:title\" content=\"Agenda - sssh\" \/>\n<meta property=\"og:description\" content=\"Autor: Forum\" \/>\n<meta property=\"og:url\" content=\"https:\/\/sssh.ch\/de\/forum\/agenda-40\/\" \/>\n<meta property=\"og:site_name\" content=\"sssh\" \/>\n<meta property=\"article:modified_time\" content=\"2024-04-15T07:33:13+00:00\" \/>\n<meta name=\"twitter:card\" content=\"summary_large_image\" \/>\n<meta name=\"twitter:label1\" content=\"Gesch\u00e4tzte Lesezeit\" \/>\n\t<meta name=\"twitter:data1\" content=\"4\u00a0Minuten\" \/>\n<script type=\"application\/ld+json\" class=\"yoast-schema-graph\">{\"@context\":\"https:\\\/\\\/schema.org\",\"@graph\":[{\"@type\":\"WebPage\",\"@id\":\"https:\\\/\\\/sssh.ch\\\/de\\\/forum\\\/agenda-40\\\/\",\"url\":\"https:\\\/\\\/sssh.ch\\\/de\\\/forum\\\/agenda-40\\\/\",\"name\":\"Agenda - sssh\",\"isPartOf\":{\"@id\":\"https:\\\/\\\/sssh.ch\\\/fr\\\/#website\"},\"datePublished\":\"2024-03-20T10:38:02+00:00\",\"dateModified\":\"2024-04-15T07:33:13+00:00\",\"breadcrumb\":{\"@id\":\"https:\\\/\\\/sssh.ch\\\/de\\\/forum\\\/agenda-40\\\/#breadcrumb\"},\"inLanguage\":\"de\",\"potentialAction\":[{\"@type\":\"ReadAction\",\"target\":[\"https:\\\/\\\/sssh.ch\\\/de\\\/forum\\\/agenda-40\\\/\"]}]},{\"@type\":\"BreadcrumbList\",\"@id\":\"https:\\\/\\\/sssh.ch\\\/de\\\/forum\\\/agenda-40\\\/#breadcrumb\",\"itemListElement\":[{\"@type\":\"ListItem\",\"position\":1,\"name\":\"SSSH\",\"item\":\"https:\\\/\\\/sssh.ch\\\/fr\\\/\"},{\"@type\":\"ListItem\",\"position\":2,\"name\":\"Forum\",\"item\":\"https:\\\/\\\/sssh.ch\\\/it\\\/forum\\\/\"},{\"@type\":\"ListItem\",\"position\":3,\"name\":\"Forum 1\\\/2024\",\"item\":\"https:\\\/\\\/sssh.ch\\\/de\\\/forum_cat\\\/forum-1-2024-de\\\/\"},{\"@type\":\"ListItem\",\"position\":4,\"name\":\"Agenda\"}]},{\"@type\":\"WebSite\",\"@id\":\"https:\\\/\\\/sssh.ch\\\/fr\\\/#website\",\"url\":\"https:\\\/\\\/sssh.ch\\\/fr\\\/\",\"name\":\"sssh\",\"description\":\"Soci\u00e9t\u00e9 suisse de st\u00e9rilisation hospitali\u00e8re\",\"publisher\":{\"@id\":\"https:\\\/\\\/sssh.ch\\\/fr\\\/#organization\"},\"potentialAction\":[{\"@type\":\"SearchAction\",\"target\":{\"@type\":\"EntryPoint\",\"urlTemplate\":\"https:\\\/\\\/sssh.ch\\\/fr\\\/?s={search_term_string}\"},\"query-input\":{\"@type\":\"PropertyValueSpecification\",\"valueRequired\":true,\"valueName\":\"search_term_string\"}}],\"inLanguage\":\"de\"},{\"@type\":\"Organization\",\"@id\":\"https:\\\/\\\/sssh.ch\\\/fr\\\/#organization\",\"name\":\"sssh\",\"url\":\"https:\\\/\\\/sssh.ch\\\/fr\\\/\",\"logo\":{\"@type\":\"ImageObject\",\"inLanguage\":\"de\",\"@id\":\"https:\\\/\\\/sssh.ch\\\/fr\\\/#\\\/schema\\\/logo\\\/image\\\/\",\"url\":\"https:\\\/\\\/sssh.ch\\\/wp-content\\\/uploads\\\/2021\\\/09\\\/cropped-cropped-cropped-cropped-cropped-cropped-cropped-SGSV-SSSH_SSSO_Q_NEUTRE_blanc-768x186-1-1-1.png\",\"contentUrl\":\"https:\\\/\\\/sssh.ch\\\/wp-content\\\/uploads\\\/2021\\\/09\\\/cropped-cropped-cropped-cropped-cropped-cropped-cropped-SGSV-SSSH_SSSO_Q_NEUTRE_blanc-768x186-1-1-1.png\",\"width\":558,\"height\":186,\"caption\":\"sssh\"},\"image\":{\"@id\":\"https:\\\/\\\/sssh.ch\\\/fr\\\/#\\\/schema\\\/logo\\\/image\\\/\"}}]}<\/script>\n<!-- \/ Yoast SEO plugin. -->","yoast_head_json":{"title":"Agenda - sssh","robots":{"index":"index","follow":"follow","max-snippet":"max-snippet:-1","max-image-preview":"max-image-preview:large","max-video-preview":"max-video-preview:-1"},"canonical":"https:\/\/sssh.ch\/de\/forum\/agenda-40\/","og_locale":"de_DE","og_type":"article","og_title":"Agenda - sssh","og_description":"Autor: Forum","og_url":"https:\/\/sssh.ch\/de\/forum\/agenda-40\/","og_site_name":"sssh","article_modified_time":"2024-04-15T07:33:13+00:00","twitter_card":"summary_large_image","twitter_misc":{"Gesch\u00e4tzte Lesezeit":"4\u00a0Minuten"},"schema":{"@context":"https:\/\/schema.org","@graph":[{"@type":"WebPage","@id":"https:\/\/sssh.ch\/de\/forum\/agenda-40\/","url":"https:\/\/sssh.ch\/de\/forum\/agenda-40\/","name":"Agenda - sssh","isPartOf":{"@id":"https:\/\/sssh.ch\/fr\/#website"},"datePublished":"2024-03-20T10:38:02+00:00","dateModified":"2024-04-15T07:33:13+00:00","breadcrumb":{"@id":"https:\/\/sssh.ch\/de\/forum\/agenda-40\/#breadcrumb"},"inLanguage":"de","potentialAction":[{"@type":"ReadAction","target":["https:\/\/sssh.ch\/de\/forum\/agenda-40\/"]}]},{"@type":"BreadcrumbList","@id":"https:\/\/sssh.ch\/de\/forum\/agenda-40\/#breadcrumb","itemListElement":[{"@type":"ListItem","position":1,"name":"SSSH","item":"https:\/\/sssh.ch\/fr\/"},{"@type":"ListItem","position":2,"name":"Forum","item":"https:\/\/sssh.ch\/it\/forum\/"},{"@type":"ListItem","position":3,"name":"Forum 1\/2024","item":"https:\/\/sssh.ch\/de\/forum_cat\/forum-1-2024-de\/"},{"@type":"ListItem","position":4,"name":"Agenda"}]},{"@type":"WebSite","@id":"https:\/\/sssh.ch\/fr\/#website","url":"https:\/\/sssh.ch\/fr\/","name":"sssh","description":"Soci\u00e9t\u00e9 suisse de st\u00e9rilisation hospitali\u00e8re","publisher":{"@id":"https:\/\/sssh.ch\/fr\/#organization"},"potentialAction":[{"@type":"SearchAction","target":{"@type":"EntryPoint","urlTemplate":"https:\/\/sssh.ch\/fr\/?s={search_term_string}"},"query-input":{"@type":"PropertyValueSpecification","valueRequired":true,"valueName":"search_term_string"}}],"inLanguage":"de"},{"@type":"Organization","@id":"https:\/\/sssh.ch\/fr\/#organization","name":"sssh","url":"https:\/\/sssh.ch\/fr\/","logo":{"@type":"ImageObject","inLanguage":"de","@id":"https:\/\/sssh.ch\/fr\/#\/schema\/logo\/image\/","url":"https:\/\/sssh.ch\/wp-content\/uploads\/2021\/09\/cropped-cropped-cropped-cropped-cropped-cropped-cropped-SGSV-SSSH_SSSO_Q_NEUTRE_blanc-768x186-1-1-1.png","contentUrl":"https:\/\/sssh.ch\/wp-content\/uploads\/2021\/09\/cropped-cropped-cropped-cropped-cropped-cropped-cropped-SGSV-SSSH_SSSO_Q_NEUTRE_blanc-768x186-1-1-1.png","width":558,"height":186,"caption":"sssh"},"image":{"@id":"https:\/\/sssh.ch\/fr\/#\/schema\/logo\/image\/"}}]}},"publishpress_future_workflow_manual_trigger":{"enabledWorkflows":[]},"_links":{"self":[{"href":"https:\/\/sssh.ch\/de\/wp-json\/wp\/v2\/forum\/44378","targetHints":{"allow":["GET"]}}],"collection":[{"href":"https:\/\/sssh.ch\/de\/wp-json\/wp\/v2\/forum"}],"about":[{"href":"https:\/\/sssh.ch\/de\/wp-json\/wp\/v2\/types\/forum"}],"version-history":[{"count":5,"href":"https:\/\/sssh.ch\/de\/wp-json\/wp\/v2\/forum\/44378\/revisions"}],"predecessor-version":[{"id":44445,"href":"https:\/\/sssh.ch\/de\/wp-json\/wp\/v2\/forum\/44378\/revisions\/44445"}],"wp:attachment":[{"href":"https:\/\/sssh.ch\/de\/wp-json\/wp\/v2\/media?parent=44378"}],"wp:term":[{"taxonomy":"forum_cat","embeddable":true,"href":"https:\/\/sssh.ch\/de\/wp-json\/wp\/v2\/forum_cat?post=44378"},{"taxonomy":"parution","embeddable":true,"href":"https:\/\/sssh.ch\/de\/wp-json\/wp\/v2\/parution?post=44378"},{"taxonomy":"page_sommaire","embeddable":true,"href":"https:\/\/sssh.ch\/de\/wp-json\/wp\/v2\/page_sommaire?post=44378"}],"curies":[{"name":"wp","href":"https:\/\/api.w.org\/{rel}","templated":true}]}}